{"id":187,"date":"2023-07-20T11:42:54","date_gmt":"2023-07-20T09:42:54","guid":{"rendered":"https:\/\/latelierdubois.net\/?page_id=187"},"modified":"2024-12-26T18:41:48","modified_gmt":"2024-12-26T17:41:48","slug":"nos-coffrets","status":"publish","type":"page","link":"https:\/\/latelierdubois.net\/index.php\/nos-coffrets\/","title":{"rendered":"NOS COFFRETS BOUTEILLES"},"content":{"rendered":"\n<p>L&#8217;Atelier du Bois vous propose de nombreux coffrets en bois de pins des Landes. Vous trouverez des coffrets de plusieurs dimensions, de diff\u00e9rents design.<\/p>\n\n\n<div class=\"wp-block-image\">\n<figure class=\"aligncenter size-full is-resized\"><img loading=\"lazy\" decoding=\"async\" width=\"600\" height=\"394\" src=\"https:\/\/latelierdubois.net\/wp-content\/uploads\/2023\/07\/coffret-6x33cl-1-2.png\" alt=\"coffret 6x33cl\" class=\"wp-image-188\" style=\"aspect-ratio:1.5238095238095237;width:480px;height:auto\" srcset=\"https:\/\/latelierdubois.net\/wp-content\/uploads\/2023\/07\/coffret-6x33cl-1-2.png 600w, https:\/\/latelierdubois.net\/wp-content\/uploads\/2023\/07\/coffret-6x33cl-1-2-300x197.png 300w\" sizes=\"auto, (max-width: 600px) 100vw, 600px\" \/><figcaption class=\"wp-element-caption\"><strong><em>Coffret Standard 6 X 33 <\/em><\/strong>cl (r\u00e9f\u00e9rence: AR00002)<br><br>Coffret en Pin des Landes. <br>Possibilit\u00e9s de personnaliser les coffrets \u00e0 vos couleurs. <br>Ces coffrets en bois mettent en valeur le c\u00f4t\u00e9 authentique et artisanale de votre bi\u00e8re.<\/figcaption><\/figure>\n<\/div>\n\n<div class=\"wp-block-image\">\n<figure class=\"aligncenter size-large is-resized\"><img loading=\"lazy\" decoding=\"async\" width=\"1024\" height=\"561\" src=\"http:\/\/latelierdubois.net\/wp-content\/uploads\/2023\/10\/8x33-cl-scaled-e1698676772318-1024x561.jpg\" alt=\"\" class=\"wp-image-319\" style=\"aspect-ratio:1.8253119429590017;width:473px;height:auto\" srcset=\"https:\/\/latelierdubois.net\/wp-content\/uploads\/2023\/10\/8x33-cl-scaled-e1698676772318-1024x561.jpg 1024w, https:\/\/latelierdubois.net\/wp-content\/uploads\/2023\/10\/8x33-cl-scaled-e1698676772318-300x164.jpg 300w, https:\/\/latelierdubois.net\/wp-content\/uploads\/2023\/10\/8x33-cl-scaled-e1698676772318-768x421.jpg 768w, https:\/\/latelierdubois.net\/wp-content\/uploads\/2023\/10\/8x33-cl-scaled-e1698676772318-1536x842.jpg 1536w, https:\/\/latelierdubois.net\/wp-content\/uploads\/2023\/10\/8x33-cl-scaled-e1698676772318-2048x1123.jpg 2048w, https:\/\/latelierdubois.net\/wp-content\/uploads\/2023\/10\/8x33-cl-scaled-e1698676772318-1140x625.jpg 1140w\" sizes=\"auto, (max-width: 1024px) 100vw, 1024px\" \/><figcaption class=\"wp-element-caption\"><strong><em>Coffret Standard 8 X 33 <\/em><\/strong>cl (r\u00e9f\u00e9rence: AR0003)<br>Coffret en Pin des Landes. <br>Possibilit\u00e9s de personnaliser les coffrets \u00e0 vos couleurs. <br>Ces coffrets en bois mettent en valeur le c\u00f4t\u00e9 authentique et artisanale de votre bi\u00e8re.<\/figcaption><\/figure>\n<\/div>\n\n\n<div class=\"wp-block-group\"><div class=\"wp-block-group__inner-container is-layout-constrained wp-block-group-is-layout-constrained\"><div class=\"wp-block-image\">\n<figure class=\"aligncenter size-full is-resized\"><img loading=\"lazy\" decoding=\"async\" width=\"818\" height=\"526\" src=\"https:\/\/latelierdubois.net\/wp-content\/uploads\/2023\/07\/coffret-12x33cl.png\" alt=\"\" class=\"wp-image-220\" style=\"aspect-ratio:1.5555555555555556;width:484px;height:auto\" srcset=\"https:\/\/latelierdubois.net\/wp-content\/uploads\/2023\/07\/coffret-12x33cl.png 818w, https:\/\/latelierdubois.net\/wp-content\/uploads\/2023\/07\/coffret-12x33cl-300x193.png 300w, https:\/\/latelierdubois.net\/wp-content\/uploads\/2023\/07\/coffret-12x33cl-768x494.png 768w\" sizes=\"auto, (max-width: 818px) 100vw, 818px\" \/><figcaption class=\"wp-element-caption\"><strong><em>Coffret Standard 12 X 33 <\/em><\/strong>cl (r\u00e9f\u00e9rence: AR0005)<br>Coffret en Pin des Landes. <br>Possibilit\u00e9s de personnaliser les coffrets \u00e0 vos couleurs. <br>Ces coffrets en bois mettent en valeur le c\u00f4t\u00e9 authentique et artisanale de votre bi\u00e8re.<\/figcaption><\/figure>\n<\/div><\/div><\/div>\n\n\n\n<div class=\"wp-block-group\"><div class=\"wp-block-group__inner-container is-layout-constrained wp-block-group-is-layout-constrained\"><div class=\"wp-block-image\">\n<figure class=\"aligncenter is-resized\"><img loading=\"lazy\" decoding=\"async\" width=\"2500\" height=\"1207\" src=\"http:\/\/latelierdubois.net\/wp-content\/uploads\/2023\/10\/Coffret-standard-16x33cljpg-scaled-e1698678104539.jpg\" alt=\"\" class=\"wp-image-325\" style=\"aspect-ratio:2.071251035625518;width:520px;height:auto\" srcset=\"https:\/\/latelierdubois.net\/wp-content\/uploads\/2023\/10\/Coffret-standard-16x33cljpg-scaled-e1698678104539.jpg 2500w, https:\/\/latelierdubois.net\/wp-content\/uploads\/2023\/10\/Coffret-standard-16x33cljpg-scaled-e1698678104539-300x145.jpg 300w, https:\/\/latelierdubois.net\/wp-content\/uploads\/2023\/10\/Coffret-standard-16x33cljpg-scaled-e1698678104539-1024x494.jpg 1024w, https:\/\/latelierdubois.net\/wp-content\/uploads\/2023\/10\/Coffret-standard-16x33cljpg-scaled-e1698678104539-768x371.jpg 768w, https:\/\/latelierdubois.net\/wp-content\/uploads\/2023\/10\/Coffret-standard-16x33cljpg-scaled-e1698678104539-1536x742.jpg 1536w, https:\/\/latelierdubois.net\/wp-content\/uploads\/2023\/10\/Coffret-standard-16x33cljpg-scaled-e1698678104539-2048x989.jpg 2048w, https:\/\/latelierdubois.net\/wp-content\/uploads\/2023\/10\/Coffret-standard-16x33cljpg-scaled-e1698678104539-1140x550.jpg 1140w\" sizes=\"auto, (max-width: 2500px) 100vw, 2500px\" \/><figcaption class=\"wp-element-caption\"><strong><em>Coffret Standard 16 X 33 <\/em><\/strong>cl (r\u00e9f\u00e9rence: AR0004)<br><br>Coffret en Pin des Landes. <br>Possibilit\u00e9s de personnaliser les coffrets \u00e0 vos couleurs. <br>Ces coffrets en bois mettent en valeur le c\u00f4t\u00e9 authentique et artisanale de votre bi\u00e8re.<\/figcaption><\/figure>\n<\/div><\/div><\/div>\n\n\n\n<div class=\"wp-block-group\"><div class=\"wp-block-group__inner-container is-layout-constrained wp-block-group-is-layout-constrained\"><div class=\"wp-block-image\">\n<figure class=\"aligncenter size-large is-resized\"><img loading=\"lazy\" decoding=\"async\" width=\"1024\" height=\"577\" src=\"https:\/\/latelierdubois.net\/wp-content\/uploads\/2023\/07\/Coffret-8x50cl-1-1024x577.png\" alt=\"\" class=\"wp-image-235\" style=\"aspect-ratio:1.776978417266187;width:474px;height:auto\" srcset=\"https:\/\/latelierdubois.net\/wp-content\/uploads\/2023\/07\/Coffret-8x50cl-1-1024x577.png 1024w, https:\/\/latelierdubois.net\/wp-content\/uploads\/2023\/07\/Coffret-8x50cl-1-300x169.png 300w, https:\/\/latelierdubois.net\/wp-content\/uploads\/2023\/07\/Coffret-8x50cl-1-768x433.png 768w, https:\/\/latelierdubois.net\/wp-content\/uploads\/2023\/07\/Coffret-8x50cl-1-1536x866.png 1536w, https:\/\/latelierdubois.net\/wp-content\/uploads\/2023\/07\/Coffret-8x50cl-1-2048x1154.png 2048w, https:\/\/latelierdubois.net\/wp-content\/uploads\/2023\/07\/Coffret-8x50cl-1-1140x642.png 1140w\" sizes=\"auto, (max-width: 1024px) 100vw, 1024px\" \/><figcaption class=\"wp-element-caption\"><strong><em>Coffret Standard 8 X 50 <\/em><\/strong>cl (r\u00e9f\u00e9rence: AR0006) <br>Coffret en Pin des Landes. <br>Possibilit\u00e9s de personnaliser les coffrets \u00e0 vos couleurs. <br>Ces coffrets en bois mettent en valeur le c\u00f4t\u00e9 authentique et artisanale de votre bi\u00e8re.<\/figcaption><\/figure>\n<\/div><\/div><\/div>\n\n\n\n<div class=\"wp-block-group\"><div class=\"wp-block-group__inner-container is-layout-constrained wp-block-group-is-layout-constrained\"><div class=\"wp-block-image\">\n<figure class=\"aligncenter size-full is-resized\"><img loading=\"lazy\" decoding=\"async\" width=\"701\" height=\"491\" src=\"https:\/\/latelierdubois.net\/wp-content\/uploads\/2023\/07\/Coffret-7x33cl-.png\" alt=\"\" class=\"wp-image-213\" style=\"aspect-ratio:1.4261083743842364;width:445px;height:auto\" srcset=\"https:\/\/latelierdubois.net\/wp-content\/uploads\/2023\/07\/Coffret-7x33cl-.png 701w, https:\/\/latelierdubois.net\/wp-content\/uploads\/2023\/07\/Coffret-7x33cl--300x210.png 300w\" sizes=\"auto, (max-width: 701px) 100vw, 701px\" \/><figcaption class=\"wp-element-caption\"><strong><em>Coffret Standard type Steinie 7 X 33 <\/em><\/strong>cl (r\u00e9f\u00e9rence: AR0007)<br>Coffret en Pin des Landes. <br>Possibilit\u00e9s de personnaliser les coffrets \u00e0 vos couleurs. <br>Ces coffrets en bois mettent en valeur le c\u00f4t\u00e9 authentique et artisanale de votre bi\u00e8re.<\/figcaption><\/figure>\n<\/div><\/div><\/div>\n\n\n<div class=\"wp-block-image\">\n<figure class=\"aligncenter is-resized\"><img loading=\"lazy\" decoding=\"async\" width=\"444\" height=\"311\" src=\"http:\/\/latelierdubois.net\/wp-content\/uploads\/2023\/07\/Coffret-14x33cl-e1698679238959.png\" alt=\"\" class=\"wp-image-223\" style=\"aspect-ratio:1.427652733118971;width:414px;height:auto\" srcset=\"https:\/\/latelierdubois.net\/wp-content\/uploads\/2023\/07\/Coffret-14x33cl-e1698679238959.png 444w, https:\/\/latelierdubois.net\/wp-content\/uploads\/2023\/07\/Coffret-14x33cl-e1698679238959-300x210.png 300w\" sizes=\"auto, (max-width: 444px) 100vw, 444px\" \/><figcaption class=\"wp-element-caption\"><strong><em>Coffret Standard type Steinie 14 X 33 <\/em><\/strong>cl (r\u00e9f\u00e9rence: AR0008)<br>Coffret en Pin des Landes. <br>Possibilit\u00e9s de personnaliser les coffrets \u00e0 vos couleurs. <br>Ces coffrets en bois mettent en valeur le c\u00f4t\u00e9 authentique et artisanale de votre bi\u00e8re.<\/figcaption><\/figure>\n<\/div>\n\n\n<hr class=\"wp-block-separator has-alpha-channel-opacity\"\/>\n\n\n<div class=\"wp-block-image\">\n<figure class=\"aligncenter is-resized\"><img loading=\"lazy\" decoding=\"async\" width=\"343\" height=\"386\" src=\"http:\/\/latelierdubois.net\/wp-content\/uploads\/2023\/07\/Coffret-3x75cl-e1698679587317.png\" alt=\"\" class=\"wp-image-229\" style=\"aspect-ratio:0.8886010362694301;width:372px;height:auto\" srcset=\"https:\/\/latelierdubois.net\/wp-content\/uploads\/2023\/07\/Coffret-3x75cl-e1698679587317.png 343w, https:\/\/latelierdubois.net\/wp-content\/uploads\/2023\/07\/Coffret-3x75cl-e1698679587317-267x300.png 267w\" sizes=\"auto, (max-width: 343px) 100vw, 343px\" \/><figcaption class=\"wp-element-caption\"><strong _istranslated=\"1\"><em _istranslated=\"1\">Coffret Standard 3 X 75 cl <\/em><\/strong> (r\u00e9f\u00e9rence : AR0012)<br>Coffret en Pin des Landes. <br>Possibilit\u00e9s de personnaliser les coffrets \u00e0 vos couleurs. <br>Ces coffrets en bois mettent en valeur le c\u00f4t\u00e9 authentique et artisanale de votre bi\u00e8re.<\/figcaption><\/figure>\n<\/div>\n\n\n<div class=\"wp-block-group\"><div class=\"wp-block-group__inner-container is-layout-constrained wp-block-group-is-layout-constrained\"><div class=\"wp-block-image\">\n<figure class=\"aligncenter size-large is-resized\"><img loading=\"lazy\" decoding=\"async\" width=\"1024\" height=\"799\" src=\"https:\/\/latelierdubois.net\/wp-content\/uploads\/2024\/12\/Coffret-forme-bouteille-6x33-cl-Presentation-1024x799.jpg\" alt=\"\" class=\"wp-image-559\" style=\"width:380px;height:auto\" srcset=\"https:\/\/latelierdubois.net\/wp-content\/uploads\/2024\/12\/Coffret-forme-bouteille-6x33-cl-Presentation-1024x799.jpg 1024w, https:\/\/latelierdubois.net\/wp-content\/uploads\/2024\/12\/Coffret-forme-bouteille-6x33-cl-Presentation-300x234.jpg 300w, https:\/\/latelierdubois.net\/wp-content\/uploads\/2024\/12\/Coffret-forme-bouteille-6x33-cl-Presentation-768x599.jpg 768w, https:\/\/latelierdubois.net\/wp-content\/uploads\/2024\/12\/Coffret-forme-bouteille-6x33-cl-Presentation-1536x1199.jpg 1536w, https:\/\/latelierdubois.net\/wp-content\/uploads\/2024\/12\/Coffret-forme-bouteille-6x33-cl-Presentation-2048x1598.jpg 2048w, https:\/\/latelierdubois.net\/wp-content\/uploads\/2024\/12\/Coffret-forme-bouteille-6x33-cl-Presentation-1140x890.jpg 1140w\" sizes=\"auto, (max-width: 1024px) 100vw, 1024px\" \/><figcaption class=\"wp-element-caption\"><font _mstmutation=\"1\"><\/font><strong _istranslated=\"1\"><em _istranslated=\"1\">Coffret Panier 4 X 33 <\/em><\/strong>cl (r\u00e9f\u00e9rence\u00a0: AR0014)<br><strong _istranslated=\"1\"><em _istranslated=\"1\">Coffret Panier 6 X 33 <\/em><\/strong>cl (r\u00e9f\u00e9rence\u00a0: AR0015)<br><strong _istranslated=\"1\"><em _istranslated=\"1\">Coffret Panier 8 X 33 <\/em><\/strong>cl (r\u00e9f\u00e9rence\u00a0: AR0016)<br> Coffret en Pin des Landes. <br>Possibilit\u00e9s de personnaliser les coffrets \u00e0 vos couleurs. <br>Ces coffrets en bois mettent en valeur le c\u00f4t\u00e9 authentique et artisanale de votre bi\u00e8re.<\/figcaption><\/figure>\n<\/div><\/div><\/div>\n\n\n\n<hr class=\"wp-block-separator has-alpha-channel-opacity\"\/>\n\n\n<div class=\"wp-block-image\">\n<figure class=\"aligncenter is-resized\"><img loading=\"lazy\" decoding=\"async\" width=\"415\" height=\"585\" src=\"http:\/\/latelierdubois.net\/wp-content\/uploads\/2023\/10\/Caisse-a-outil-4-x-33cl-e1698682495836.png\" alt=\"\" class=\"wp-image-343\" style=\"aspect-ratio:0.7094017094017094;width:263px;height:auto\" srcset=\"https:\/\/latelierdubois.net\/wp-content\/uploads\/2023\/10\/Caisse-a-outil-4-x-33cl-e1698682495836.png 415w, https:\/\/latelierdubois.net\/wp-content\/uploads\/2023\/10\/Caisse-a-outil-4-x-33cl-e1698682495836-213x300.png 213w\" sizes=\"auto, (max-width: 415px) 100vw, 415px\" \/><figcaption class=\"wp-element-caption\"><strong><em>Coffret Caisse \u00e0 outils 4 X 33 <\/em><\/strong>cl (r\u00e9f\u00e9rence AR0025)<br>Coffret en Pin des Landes.<br>Ces coffrets en bois mettent en valeur le c\u00f4t\u00e9 authentique et artisanale de votre bi\u00e8re.<\/figcaption><\/figure>\n<\/div>\n\n<div class=\"wp-block-image\">\n<figure class=\"aligncenter is-resized\"><img loading=\"lazy\" decoding=\"async\" width=\"523\" height=\"460\" src=\"http:\/\/latelierdubois.net\/wp-content\/uploads\/2023\/07\/Caisse-a-outil-10x33cl--e1698682698501.png\" alt=\"\" class=\"wp-image-182\" style=\"aspect-ratio:1.1369565217391304;width:435px;height:auto\" srcset=\"https:\/\/latelierdubois.net\/wp-content\/uploads\/2023\/07\/Caisse-a-outil-10x33cl--e1698682698501.png 523w, https:\/\/latelierdubois.net\/wp-content\/uploads\/2023\/07\/Caisse-a-outil-10x33cl--e1698682698501-300x264.png 300w\" sizes=\"auto, (max-width: 523px) 100vw, 523px\" \/><figcaption class=\"wp-element-caption\"><strong><em>Coffret Caisse \u00e0 outil 10 X 33 <\/em><\/strong>cl (r\u00e9f\u00e9rence AR0017)<br>Coffret en Pin des Landes.<br>Ces coffrets en bois mettent en valeur le c\u00f4t\u00e9 authentique et artisanale de votre bi\u00e8re.<\/figcaption><\/figure>\n<\/div>\n\n<div class=\"wp-block-image\">\n<figure class=\"aligncenter is-resized\"><img loading=\"lazy\" decoding=\"async\" width=\"412\" height=\"314\" src=\"http:\/\/latelierdubois.net\/wp-content\/uploads\/2023\/07\/Caisse-a-outil-10-x-33cl-type-Steinie-2.png\" alt=\"\" class=\"wp-image-249\" style=\"aspect-ratio:1.3121019108280254;width:440px;height:auto\" srcset=\"https:\/\/latelierdubois.net\/wp-content\/uploads\/2023\/07\/Caisse-a-outil-10-x-33cl-type-Steinie-2.png 412w, https:\/\/latelierdubois.net\/wp-content\/uploads\/2023\/07\/Caisse-a-outil-10-x-33cl-type-Steinie-2-300x229.png 300w\" sizes=\"auto, (max-width: 412px) 100vw, 412px\" \/><figcaption class=\"wp-element-caption\"><strong _istranslated=\"1\"><em _istranslated=\"1\">Coffret Caisse \u00e0 outil 10 X 33 <\/em>cl type Steinie<\/strong> (r\u00e9f\u00e9rence AR0018)<br>Coffret en Pin des Landes. <br>Ces coffrets en bois mettent en valeur le c\u00f4t\u00e9 authentique et artisanale de votre bi\u00e8re.<\/figcaption><\/figure>\n<\/div>\n\n<div class=\"wp-block-image\">\n<figure class=\"aligncenter is-resized\"><img loading=\"lazy\" decoding=\"async\" width=\"387\" height=\"565\" src=\"http:\/\/latelierdubois.net\/wp-content\/uploads\/2023\/07\/Coffret-tendance-3x33cl-et-2-verres-1-e1698683360571.png\" alt=\"\" class=\"wp-image-190\" style=\"aspect-ratio:0.6849557522123894;width:331px;height:auto\" srcset=\"https:\/\/latelierdubois.net\/wp-content\/uploads\/2023\/07\/Coffret-tendance-3x33cl-et-2-verres-1-e1698683360571.png 387w, https:\/\/latelierdubois.net\/wp-content\/uploads\/2023\/07\/Coffret-tendance-3x33cl-et-2-verres-1-e1698683360571-205x300.png 205w\" sizes=\"auto, (max-width: 387px) 100vw, 387px\" \/><figcaption class=\"wp-element-caption\"><strong><em>Coffret Tendance 3 x 33 <\/em>cl<\/strong> <strong>+ 2 verres<\/strong> (AR0019)<br> <strong><em>Coffret Tendance 3 x 33 <\/em>cl<\/strong> <strong>+ sans les verres<\/strong> (AR0020)<br>Coffret en Pin des Landes. <br>Ces coffrets en bois mettent en valeur le c\u00f4t\u00e9 authentique et artisanale de votre bi\u00e8re.<\/figcaption><\/figure>\n<\/div>\n\n<div class=\"wp-block-image\">\n<figure class=\"aligncenter is-resized\"><img loading=\"lazy\" decoding=\"async\" width=\"435\" height=\"581\" src=\"http:\/\/latelierdubois.net\/wp-content\/uploads\/2023\/07\/Coffret-2x75cl-et-2-verres.png\" alt=\"\" class=\"wp-image-228\" style=\"aspect-ratio:0.7487091222030982;width:353px;height:auto\" srcset=\"https:\/\/latelierdubois.net\/wp-content\/uploads\/2023\/07\/Coffret-2x75cl-et-2-verres.png 435w, https:\/\/latelierdubois.net\/wp-content\/uploads\/2023\/07\/Coffret-2x75cl-et-2-verres-225x300.png 225w\" sizes=\"auto, (max-width: 435px) 100vw, 435px\" \/><figcaption class=\"wp-element-caption\"><strong><em>Coffret Tendance 2 x 75 <\/em>cl<\/strong> <strong>+ 2 verres<\/strong> (AR0021)<br> <strong><em>Coffret Tendance 2 x 75 <\/em>cl<\/strong> <strong>+ sans les verres<\/strong> (AR0022)<br>Coffret en Pin des Landes. <br>Ces coffrets en bois mettent en valeur le c\u00f4t\u00e9 authentique et artisanale de votre bi\u00e8re.<\/figcaption><\/figure>\n<\/div>\n\n<div class=\"wp-block-image\">\n<figure class=\"aligncenter size-full is-resized\"><img loading=\"lazy\" decoding=\"async\" width=\"780\" height=\"585\" src=\"https:\/\/latelierdubois.net\/wp-content\/uploads\/2023\/07\/Coffret-tendance-6x33cl-1-1.png\" alt=\"coffret tendance 6x33cl\" class=\"wp-image-212\" style=\"aspect-ratio:1.3333333333333333;width:412px;height:auto\" srcset=\"https:\/\/latelierdubois.net\/wp-content\/uploads\/2023\/07\/Coffret-tendance-6x33cl-1-1.png 780w, https:\/\/latelierdubois.net\/wp-content\/uploads\/2023\/07\/Coffret-tendance-6x33cl-1-1-300x225.png 300w, https:\/\/latelierdubois.net\/wp-content\/uploads\/2023\/07\/Coffret-tendance-6x33cl-1-1-768x576.png 768w\" sizes=\"auto, (max-width: 780px) 100vw, 780px\" \/><figcaption class=\"wp-element-caption\"><strong><em>Coffret El\u00e9gance 6 X 33 <\/em>cl<\/strong> (AR0034) <br>Coffret en Pin des Landes. <br>Ces coffrets en bois mettent en valeur le c\u00f4t\u00e9 authentique et artisanale de votre bi\u00e8re.<\/figcaption><\/figure>\n<\/div>\n\n\n<hr class=\"wp-block-separator has-alpha-channel-opacity\"\/>\n\n\n<div class=\"wp-block-image\">\n<figure class=\"aligncenter size-full is-resized\"><img loading=\"lazy\" decoding=\"async\" width=\"715\" height=\"536\" src=\"https:\/\/latelierdubois.net\/wp-content\/uploads\/2023\/07\/Coffret-tendance-10x33cl-1.png\" alt=\"\" class=\"wp-image-216\" style=\"aspect-ratio:1.3355855855855856;width:439px;height:auto\" srcset=\"https:\/\/latelierdubois.net\/wp-content\/uploads\/2023\/07\/Coffret-tendance-10x33cl-1.png 715w, https:\/\/latelierdubois.net\/wp-content\/uploads\/2023\/07\/Coffret-tendance-10x33cl-1-300x225.png 300w\" sizes=\"auto, (max-width: 715px) 100vw, 715px\" \/><figcaption class=\"wp-element-caption\"><strong><em>Coffret El\u00e9gance 10 X 33 <\/em>cl<\/strong> (AR0035) <br>Coffret en Pin des Landes. <br>Ces coffrets en bois mettent en valeur le c\u00f4t\u00e9 authentique et artisanale de votre bi\u00e8re.<\/figcaption><\/figure>\n<\/div>\n\n\n<hr class=\"wp-block-separator has-alpha-channel-opacity\"\/>\n\n\n<div class=\"wp-block-image\">\n<figure class=\"aligncenter size-full is-resized\"><img decoding=\"async\" src=\"https:\/\/latelierdubois.net\/wp-content\/uploads\/2023\/07\/Coffret-tendance-3x33cl-et-2-verres-1.png\" alt=\"\" class=\"wp-image-190\" style=\"aspect-ratio:0.7487091222030982;width:371px;height:auto\"\/><figcaption class=\"wp-element-caption\"><strong><em>Coffret 3 X 33 cl + 2 Verres<\/em><\/strong> (r\u00e9f\u00e9rence: AR0019)<br>Coffret en Pin des Landes. <br>Possibilit\u00e9s de personnaliser les coffrets \u00e0 vos couleurs. <br>Ces coffrets en bois mettent en valeur le c\u00f4t\u00e9 authentique et artisanale de votre bi\u00e8re.<\/figcaption><\/figure>\n<\/div>\n\n\n<hr class=\"wp-block-separator has-alpha-channel-opacity\"\/>\n\n\n<div class=\"wp-block-image\">\n<figure class=\"aligncenter size-full is-resized\"><img loading=\"lazy\" decoding=\"async\" width=\"435\" height=\"581\" src=\"https:\/\/latelierdubois.net\/wp-content\/uploads\/2023\/07\/Coffret-2x75cl-et-2-verres.png\" alt=\"\" class=\"wp-image-228\" style=\"aspect-ratio:0.7487091222030982;width:347px;height:auto\" srcset=\"https:\/\/latelierdubois.net\/wp-content\/uploads\/2023\/07\/Coffret-2x75cl-et-2-verres.png 435w, https:\/\/latelierdubois.net\/wp-content\/uploads\/2023\/07\/Coffret-2x75cl-et-2-verres-225x300.png 225w\" sizes=\"auto, (max-width: 435px) 100vw, 435px\" \/><figcaption class=\"wp-element-caption\"><strong><em>Coffret  2 X 75 cl + 2 Verres<\/em><\/strong> (r\u00e9f\u00e9rence: AR0019) <br>Coffret en Pin des Landes. <br>Possibilit\u00e9s de personnaliser les coffrets \u00e0 vos couleurs. <br>Ces coffrets en bois mettent en valeur le c\u00f4t\u00e9 authentique et artisanale de votre bi\u00e8re.<\/figcaption><\/figure>\n<\/div>\n\n\n<hr class=\"wp-block-separator has-alpha-channel-opacity\"\/>\n\n\n<div class=\"wp-block-image\">\n<figure class=\"aligncenter size-full is-resized\"><img decoding=\"async\" src=\"https:\/\/latelierdubois.net\/wp-content\/uploads\/2023\/07\/Coffret-3x75cl.png\" alt=\"\" class=\"wp-image-229\" style=\"aspect-ratio:1.1244979919678715;width:394px;height:auto\"\/><figcaption class=\"wp-element-caption\"><strong><em>Coffret Standard 3 X 75 <\/em><\/strong>cl (r\u00e9f\u00e9rence: AR0012) <br>Coffret en Pin des Landes. <br>Possibilit\u00e9s de personnaliser les coffrets \u00e0 vos couleurs. <br>Ces coffrets en bois mettent en valeur le c\u00f4t\u00e9 authentique et artisanale de votre bi\u00e8re.<\/figcaption><\/figure>\n<\/div>\n\n\n<hr class=\"wp-block-separator has-alpha-channel-opacity\"\/>\n\n\n\n<div class=\"wp-block-columns are-vertically-aligned-center is-layout-flex wp-container-core-columns-is-layout-28f84493 wp-block-columns-is-layout-flex\">\n<div class=\"wp-block-column is-vertically-aligned-center is-layout-flow wp-block-column-is-layout-flow\" style=\"flex-basis:100%\">\n<div class=\"wp-block-group\"><div class=\"wp-block-group__inner-container is-layout-constrained wp-block-group-is-layout-constrained\"><div class=\"wp-block-image\">\n<figure class=\"aligncenter size-large is-resized\"><img loading=\"lazy\" decoding=\"async\" width=\"875\" height=\"1024\" src=\"http:\/\/latelierdubois.net\/wp-content\/uploads\/2024\/12\/Coffret-Brume-3x75-cl-875x1024.png\" alt=\"\" class=\"wp-image-533\" style=\"width:339px;height:auto\" srcset=\"https:\/\/latelierdubois.net\/wp-content\/uploads\/2024\/12\/Coffret-Brume-3x75-cl-875x1024.png 875w, https:\/\/latelierdubois.net\/wp-content\/uploads\/2024\/12\/Coffret-Brume-3x75-cl-256x300.png 256w, https:\/\/latelierdubois.net\/wp-content\/uploads\/2024\/12\/Coffret-Brume-3x75-cl-768x899.png 768w, https:\/\/latelierdubois.net\/wp-content\/uploads\/2024\/12\/Coffret-Brume-3x75-cl-1312x1536.png 1312w, https:\/\/latelierdubois.net\/wp-content\/uploads\/2024\/12\/Coffret-Brume-3x75-cl-1750x2048.png 1750w, https:\/\/latelierdubois.net\/wp-content\/uploads\/2024\/12\/Coffret-Brume-3x75-cl-1140x1334.png 1140w\" sizes=\"auto, (max-width: 875px) 100vw, 875px\" \/><figcaption class=\"wp-element-caption\"><font _mstmutation=\"1\"><\/font><strong><em _msttexthash=\"362492\" _msthash=\"1617\"><br>Coffret Tendance 3 x 75 <\/em><\/strong><font _mstmutation=\"1\" _msttexthash=\"364598\" _msthash=\"1618\">cl (r\u00e9f\u00e9rence : AR0013)<\/font><br><font _mstmutation=\"1\" _msttexthash=\"531973\" _msthash=\"1619\">Coffret en Pin des Landes.<\/font><br><font _mstmutation=\"1\" _msttexthash=\"2363699\" _msthash=\"1620\">Possibilit\u00e9s de personnaliser les coffrets \u00e0 vos couleurs.<\/font><br><font _mstmutation=\"1\" _msttexthash=\"4703426\" _msthash=\"1621\">Ces coffrets en bois mettent en valeur le c\u00f4t\u00e9 authentique et artisanale de votre bi\u00e8re.<\/font><\/figcaption><\/figure>\n<\/div><\/div><\/div>\n<\/div>\n<\/div>\n\n\n\n<hr class=\"wp-block-separator has-alpha-channel-opacity\"\/>\n\n\n<div class=\"wp-block-image\">\n<figure class=\"aligncenter size-full is-resized\"><img loading=\"lazy\" decoding=\"async\" width=\"388\" height=\"548\" src=\"https:\/\/latelierdubois.net\/wp-content\/uploads\/2023\/07\/Coffret-de-l-avant.png\" alt=\"\" class=\"wp-image-236\" style=\"aspect-ratio:0.708029197080292;width:366px;height:auto\" srcset=\"https:\/\/latelierdubois.net\/wp-content\/uploads\/2023\/07\/Coffret-de-l-avant.png 388w, https:\/\/latelierdubois.net\/wp-content\/uploads\/2023\/07\/Coffret-de-l-avant-212x300.png 212w\" sizes=\"auto, (max-width: 388px) 100vw, 388px\" \/><figcaption class=\"wp-element-caption\"><strong><em>Coffret de l&#8217;avant 24 X 33 <\/em><\/strong>cl <br>Coffret en Pin des Landes. <br>Possibilit\u00e9s de personnaliser les coffrets \u00e0 vos couleurs. <br>Ces coffrets en bois mettent en valeur le c\u00f4t\u00e9 authentique et artisanale de votre bi\u00e8re.<\/figcaption><\/figure>\n<\/div>","protected":false},"excerpt":{"rendered":"<p>L&#8217;Atelier du Bois vous propose de nombreux coffrets en bois de pins des Landes. Vous trouverez des coffrets de plusieurs dimensions, de diff\u00e9rents design.<\/p>\n","protected":false},"author":1,"featured_media":0,"parent":0,"menu_order":0,"comment_status":"closed","ping_status":"closed","template":"","meta":{"_monsterinsights_skip_tracking":false,"_monsterinsights_sitenote_active":false,"_monsterinsights_sitenote_note":"","_monsterinsights_sitenote_category":0,"_uf_show_specific_survey":0,"_uf_disable_surveys":false,"footnotes":""},"class_list":["post-187","page","type-page","status-publish","hentry"],"yoast_head":"<!-- This site is optimized with the Yoast SEO plugin v27.5 - https:\/\/yoast.com\/product\/yoast-seo-wordpress\/ -->\n<title>NOS COFFRETS BOUTEILLES - L&#039;ATELIER DU BOIS<\/title>\n<meta name=\"robots\" content=\"index, follow, max-snippet:-1, max-image-preview:large, max-video-preview:-1\" \/>\n<link rel=\"canonical\" href=\"https:\/\/latelierdubois.net\/index.php\/nos-coffrets\/\" \/>\n<meta property=\"og:locale\" content=\"en_US\" \/>\n<meta property=\"og:type\" content=\"article\" \/>\n<meta property=\"og:title\" content=\"NOS COFFRETS BOUTEILLES - L&#039;ATELIER DU BOIS\" \/>\n<meta property=\"og:description\" content=\"L&#8217;Atelier du Bois vous propose de nombreux coffrets en bois de pins des Landes. Vous trouverez des coffrets de plusieurs dimensions, de diff\u00e9rents design.\" \/>\n<meta property=\"og:url\" content=\"https:\/\/latelierdubois.net\/index.php\/nos-coffrets\/\" \/>\n<meta property=\"og:site_name\" content=\"L&#039;ATELIER DU BOIS\" \/>\n<meta property=\"article:modified_time\" content=\"2024-12-26T17:41:48+00:00\" \/>\n<meta property=\"og:image\" content=\"https:\/\/latelierdubois.net\/wp-content\/uploads\/2023\/07\/coffret-6x33cl-1-2.png\" \/>\n\t<meta property=\"og:image:width\" content=\"600\" \/>\n\t<meta property=\"og:image:height\" content=\"394\" \/>\n\t<meta property=\"og:image:type\" content=\"image\/png\" \/>\n<meta name=\"twitter:card\" content=\"summary_large_image\" \/>\n<meta name=\"twitter:label1\" content=\"Est. reading time\" \/>\n\t<meta name=\"twitter:data1\" content=\"8 minutes\" \/>\n<script type=\"application\/ld+json\" class=\"yoast-schema-graph\">{\"@context\":\"https:\\\/\\\/schema.org\",\"@graph\":[{\"@type\":\"WebPage\",\"@id\":\"https:\\\/\\\/latelierdubois.net\\\/index.php\\\/nos-coffrets\\\/\",\"url\":\"https:\\\/\\\/latelierdubois.net\\\/index.php\\\/nos-coffrets\\\/\",\"name\":\"NOS COFFRETS BOUTEILLES - L&#039;ATELIER DU BOIS\",\"isPartOf\":{\"@id\":\"https:\\\/\\\/latelierdubois.net\\\/#website\"},\"primaryImageOfPage\":{\"@id\":\"https:\\\/\\\/latelierdubois.net\\\/index.php\\\/nos-coffrets\\\/#primaryimage\"},\"image\":{\"@id\":\"https:\\\/\\\/latelierdubois.net\\\/index.php\\\/nos-coffrets\\\/#primaryimage\"},\"thumbnailUrl\":\"https:\\\/\\\/latelierdubois.net\\\/wp-content\\\/uploads\\\/2023\\\/07\\\/coffret-6x33cl-1-2.png\",\"datePublished\":\"2023-07-20T09:42:54+00:00\",\"dateModified\":\"2024-12-26T17:41:48+00:00\",\"breadcrumb\":{\"@id\":\"https:\\\/\\\/latelierdubois.net\\\/index.php\\\/nos-coffrets\\\/#breadcrumb\"},\"inLanguage\":\"en-US\",\"potentialAction\":[{\"@type\":\"ReadAction\",\"target\":[\"https:\\\/\\\/latelierdubois.net\\\/index.php\\\/nos-coffrets\\\/\"]}]},{\"@type\":\"ImageObject\",\"inLanguage\":\"en-US\",\"@id\":\"https:\\\/\\\/latelierdubois.net\\\/index.php\\\/nos-coffrets\\\/#primaryimage\",\"url\":\"https:\\\/\\\/latelierdubois.net\\\/wp-content\\\/uploads\\\/2023\\\/07\\\/coffret-6x33cl-1-2.png\",\"contentUrl\":\"https:\\\/\\\/latelierdubois.net\\\/wp-content\\\/uploads\\\/2023\\\/07\\\/coffret-6x33cl-1-2.png\"},{\"@type\":\"BreadcrumbList\",\"@id\":\"https:\\\/\\\/latelierdubois.net\\\/index.php\\\/nos-coffrets\\\/#breadcrumb\",\"itemListElement\":[{\"@type\":\"ListItem\",\"position\":1,\"name\":\"Accueil\",\"item\":\"https:\\\/\\\/latelierdubois.net\\\/\"},{\"@type\":\"ListItem\",\"position\":2,\"name\":\"NOS COFFRETS BOUTEILLES\"}]},{\"@type\":\"WebSite\",\"@id\":\"https:\\\/\\\/latelierdubois.net\\\/#website\",\"url\":\"https:\\\/\\\/latelierdubois.net\\\/\",\"name\":\"L'ATELIER DU BOIS\",\"description\":\"\",\"publisher\":{\"@id\":\"https:\\\/\\\/latelierdubois.net\\\/#organization\"},\"potentialAction\":[{\"@type\":\"SearchAction\",\"target\":{\"@type\":\"EntryPoint\",\"urlTemplate\":\"https:\\\/\\\/latelierdubois.net\\\/?s={search_term_string}\"},\"query-input\":{\"@type\":\"PropertyValueSpecification\",\"valueRequired\":true,\"valueName\":\"search_term_string\"}}],\"inLanguage\":\"en-US\"},{\"@type\":\"Organization\",\"@id\":\"https:\\\/\\\/latelierdubois.net\\\/#organization\",\"name\":\"L'ATELIER DU BOIS\",\"url\":\"https:\\\/\\\/latelierdubois.net\\\/\",\"logo\":{\"@type\":\"ImageObject\",\"inLanguage\":\"en-US\",\"@id\":\"https:\\\/\\\/latelierdubois.net\\\/#\\\/schema\\\/logo\\\/image\\\/\",\"url\":\"https:\\\/\\\/latelierdubois.net\\\/wp-content\\\/uploads\\\/2023\\\/11\\\/cropped-latelier-du-bois217.png\",\"contentUrl\":\"https:\\\/\\\/latelierdubois.net\\\/wp-content\\\/uploads\\\/2023\\\/11\\\/cropped-latelier-du-bois217.png\",\"width\":2216,\"height\":2324,\"caption\":\"L'ATELIER DU BOIS\"},\"image\":{\"@id\":\"https:\\\/\\\/latelierdubois.net\\\/#\\\/schema\\\/logo\\\/image\\\/\"}}]}<\/script>\n<!-- \/ Yoast SEO plugin. -->","yoast_head_json":{"title":"NOS COFFRETS BOUTEILLES - L&#039;ATELIER DU BOIS","robots":{"index":"index","follow":"follow","max-snippet":"max-snippet:-1","max-image-preview":"max-image-preview:large","max-video-preview":"max-video-preview:-1"},"canonical":"https:\/\/latelierdubois.net\/index.php\/nos-coffrets\/","og_locale":"en_US","og_type":"article","og_title":"NOS COFFRETS BOUTEILLES - L&#039;ATELIER DU BOIS","og_description":"L&#8217;Atelier du Bois vous propose de nombreux coffrets en bois de pins des Landes. Vous trouverez des coffrets de plusieurs dimensions, de diff\u00e9rents design.","og_url":"https:\/\/latelierdubois.net\/index.php\/nos-coffrets\/","og_site_name":"L&#039;ATELIER DU BOIS","article_modified_time":"2024-12-26T17:41:48+00:00","og_image":[{"width":600,"height":394,"url":"https:\/\/latelierdubois.net\/wp-content\/uploads\/2023\/07\/coffret-6x33cl-1-2.png","type":"image\/png"}],"twitter_card":"summary_large_image","twitter_misc":{"Est. reading time":"8 minutes"},"schema":{"@context":"https:\/\/schema.org","@graph":[{"@type":"WebPage","@id":"https:\/\/latelierdubois.net\/index.php\/nos-coffrets\/","url":"https:\/\/latelierdubois.net\/index.php\/nos-coffrets\/","name":"NOS COFFRETS BOUTEILLES - L&#039;ATELIER DU BOIS","isPartOf":{"@id":"https:\/\/latelierdubois.net\/#website"},"primaryImageOfPage":{"@id":"https:\/\/latelierdubois.net\/index.php\/nos-coffrets\/#primaryimage"},"image":{"@id":"https:\/\/latelierdubois.net\/index.php\/nos-coffrets\/#primaryimage"},"thumbnailUrl":"https:\/\/latelierdubois.net\/wp-content\/uploads\/2023\/07\/coffret-6x33cl-1-2.png","datePublished":"2023-07-20T09:42:54+00:00","dateModified":"2024-12-26T17:41:48+00:00","breadcrumb":{"@id":"https:\/\/latelierdubois.net\/index.php\/nos-coffrets\/#breadcrumb"},"inLanguage":"en-US","potentialAction":[{"@type":"ReadAction","target":["https:\/\/latelierdubois.net\/index.php\/nos-coffrets\/"]}]},{"@type":"ImageObject","inLanguage":"en-US","@id":"https:\/\/latelierdubois.net\/index.php\/nos-coffrets\/#primaryimage","url":"https:\/\/latelierdubois.net\/wp-content\/uploads\/2023\/07\/coffret-6x33cl-1-2.png","contentUrl":"https:\/\/latelierdubois.net\/wp-content\/uploads\/2023\/07\/coffret-6x33cl-1-2.png"},{"@type":"BreadcrumbList","@id":"https:\/\/latelierdubois.net\/index.php\/nos-coffrets\/#breadcrumb","itemListElement":[{"@type":"ListItem","position":1,"name":"Accueil","item":"https:\/\/latelierdubois.net\/"},{"@type":"ListItem","position":2,"name":"NOS COFFRETS BOUTEILLES"}]},{"@type":"WebSite","@id":"https:\/\/latelierdubois.net\/#website","url":"https:\/\/latelierdubois.net\/","name":"L'ATELIER DU BOIS","description":"","publisher":{"@id":"https:\/\/latelierdubois.net\/#organization"},"potentialAction":[{"@type":"SearchAction","target":{"@type":"EntryPoint","urlTemplate":"https:\/\/latelierdubois.net\/?s={search_term_string}"},"query-input":{"@type":"PropertyValueSpecification","valueRequired":true,"valueName":"search_term_string"}}],"inLanguage":"en-US"},{"@type":"Organization","@id":"https:\/\/latelierdubois.net\/#organization","name":"L'ATELIER DU BOIS","url":"https:\/\/latelierdubois.net\/","logo":{"@type":"ImageObject","inLanguage":"en-US","@id":"https:\/\/latelierdubois.net\/#\/schema\/logo\/image\/","url":"https:\/\/latelierdubois.net\/wp-content\/uploads\/2023\/11\/cropped-latelier-du-bois217.png","contentUrl":"https:\/\/latelierdubois.net\/wp-content\/uploads\/2023\/11\/cropped-latelier-du-bois217.png","width":2216,"height":2324,"caption":"L'ATELIER DU BOIS"},"image":{"@id":"https:\/\/latelierdubois.net\/#\/schema\/logo\/image\/"}}]}},"_links":{"self":[{"href":"https:\/\/latelierdubois.net\/index.php\/wp-json\/wp\/v2\/pages\/187","targetHints":{"allow":["GET"]}}],"collection":[{"href":"https:\/\/latelierdubois.net\/index.php\/wp-json\/wp\/v2\/pages"}],"about":[{"href":"https:\/\/latelierdubois.net\/index.php\/wp-json\/wp\/v2\/types\/page"}],"author":[{"embeddable":true,"href":"https:\/\/latelierdubois.net\/index.php\/wp-json\/wp\/v2\/users\/1"}],"replies":[{"embeddable":true,"href":"https:\/\/latelierdubois.net\/index.php\/wp-json\/wp\/v2\/comments?post=187"}],"version-history":[{"count":34,"href":"https:\/\/latelierdubois.net\/index.php\/wp-json\/wp\/v2\/pages\/187\/revisions"}],"predecessor-version":[{"id":562,"href":"https:\/\/latelierdubois.net\/index.php\/wp-json\/wp\/v2\/pages\/187\/revisions\/562"}],"wp:attachment":[{"href":"https:\/\/latelierdubois.net\/index.php\/wp-json\/wp\/v2\/media?parent=187"}],"curies":[{"name":"wp","href":"https:\/\/api.w.org\/{rel}","templated":true}]}}