{"id":20,"date":"2023-07-19T09:20:16","date_gmt":"2023-07-19T07:20:16","guid":{"rendered":"https:\/\/latelierdubois.net\/?page_id=20"},"modified":"2025-10-30T20:06:50","modified_gmt":"2025-10-30T19:06:50","slug":"accueil","status":"publish","type":"page","link":"https:\/\/latelierdubois.net\/","title":{"rendered":"ACCUEIL"},"content":{"rendered":"\n<p><strong><em _msttexthash=\"2554084\" _msthash=\"296\">Bienvenue \u00e0 L\u2019Atelier du Bois<\/em><\/strong><\/p>\n\n\n\n<p><strong _istranslated=\"1\">L\u2019Atelier du Bois<\/strong> &#8211; Des coffrets en Bois de pins des Landes Fabriqu\u00e9s en France et avec Passion. <br>L\u2019Atelier du Bois est une entreprise passionn\u00e9e par l\u2019art de travailler le bois et sp\u00e9cialis\u00e9e dans la fabrication et la commercialisation de coffrets en bois de pins des Landes.<\/p>\n\n\n\n<div class=\"wp-block-group\"><div class=\"wp-block-group__inner-container is-layout-constrained wp-block-group-is-layout-constrained\">\n<p>Tous nos bois ont la certification PEFC&nbsp;!<\/p>\n<\/div><\/div>\n\n\n\n<div class=\"wp-block-group\"><div class=\"wp-block-group__inner-container is-layout-constrained wp-block-group-is-layout-constrained\">\n<p><font _mstmutation=\"1\" _msttexthash=\"7644\" _msthash=\"637\">T<\/font><strong _istranslated=\"1\">outes nos fabrications sont fran\u00e7aises&nbsp;!<\/strong><\/p>\n\n\n\n<p><strong>Coffrets pour miel et confitures<\/strong> : des pr\u00e9sentations \u00e9l\u00e9gantes qui mettent en valeur vos douceurs artisanales.<\/p>\n\n\n\n<p><strong>Coffrets pour la bi\u00e8re<\/strong> : une gamme de plus de 26 mod\u00e8les sp\u00e9cialement con\u00e7us pour mettre en avant vos bouteilles, alliant robustesse, authenticit\u00e9 et esth\u00e9tisme.<\/p>\n\n\n\n<p><strong>Plateaux pour fromages et charcuteries<\/strong> : parfaits pour sublimer vos d\u00e9gustations et vos moments de convivialit\u00e9.<font _mstmutation=\"1\"><\/font><\/p>\n<\/div><\/div>\n\n\n\n<p><font _mstmutation=\"1\"><\/font><\/p>\n\n\n\n<p>Que vous recherchiez un coffret classique et \u00e9pur\u00e9 ou un design plus \u00e9labor\u00e9, nous avons le coffret parfait pour r\u00e9pondre \u00e0 vos besoins.<\/p>\n\n\n\n<p><br>Nous comprenons que chaque client est unique.<\/p>\n\n\n\n<p><br>C&#8217;est pourquoi nous proposons \u00e9galement des services de personnalisation, vous permettant de cr\u00e9er des coffrets en bois sur mesure qui r\u00e9pondent parfaitement \u00e0 vos besoins et \u00e0 vos pr\u00e9f\u00e9rences.<br>Que ce soit pour un marquage \u00e0 chaud, une gravure laser personnalis\u00e9e, une impression couleur, une finition sp\u00e9ciale ou un design exclusif, nous sommes l\u00e0 pour concr\u00e9tiser votre vision.<\/p>\n\n\n\n<p><br><font _mstmutation=\"1\" _msttexthash=\"12296583\" _msthash=\"317\">Explorez notre<a href=\"https:\/\/latelierdubois.net\/index.php\/nos-produits\/\"> collection de coffrets en bois<\/a> et d\u00e9couvrez l\u2019\u00e9l\u00e9gance intemporelle de nos produits. <br>  <\/font><\/p>\n\n\n\n<p>Pour toute demande sp\u00e9cifique, question ou projet de personnalisation, n&#8217;h\u00e9sitez pas \u00e0 nous contacter.<\/p>\n\n\n\n<p>Notre \u00e9quipe se fera un plaisir de vous conseiller et de vous offrir des coffrets \u00e0 la hauteur de vos exigences.<\/p>\n\n\n\n<hr class=\"wp-block-separator has-alpha-channel-opacity\"\/>\n\n\n\n<div class=\"wp-block-group\"><div class=\"wp-block-group__inner-container is-layout-constrained wp-block-group-is-layout-constrained\">\n<h2 class=\"wp-block-heading\">Galerie Photos<\/h2>\n<\/div><\/div>\n\n\n\n<div class=\"wp-block-group\"><div class=\"wp-block-group__inner-container is-layout-constrained wp-block-group-is-layout-constrained\">\n<div class=\"wp-block-columns is-layout-flex wp-container-core-columns-is-layout-28f84493 wp-block-columns-is-layout-flex\">\n<div class=\"wp-block-column is-vertically-aligned-stretch is-layout-flow wp-block-column-is-layout-flow\" style=\"flex-basis:100%\">\n<figure class=\"wp-block-gallery alignleft has-nested-images columns-default is-cropped wp-block-gallery-1 is-layout-flex wp-block-gallery-is-layout-flex\">\n<figure data-wp-context=\"{&quot;imageId&quot;:&quot;69edfc287e0f8&quot;}\" data-wp-interactive=\"core\/image\" data-wp-key=\"69edfc287e0f8\" class=\"wp-block-image size-large is-style-default wp-lightbox-container\"><img loading=\"lazy\" decoding=\"async\" width=\"1024\" height=\"649\" data-wp-class--hide=\"state.isContentHidden\" data-wp-class--show=\"state.isContentVisible\" data-wp-init=\"callbacks.setButtonStyles\" data-wp-on--click=\"actions.showLightbox\" data-wp-on--load=\"callbacks.setButtonStyles\" data-wp-on-window--resize=\"callbacks.setButtonStyles\" data-id=\"643\" src=\"https:\/\/latelierdubois.net\/wp-content\/uploads\/2025\/08\/Coffret-8X33-Steinie-2-1024x649.png\" alt=\"\" class=\"wp-image-643\" srcset=\"https:\/\/latelierdubois.net\/wp-content\/uploads\/2025\/08\/Coffret-8X33-Steinie-2-1024x649.png 1024w, https:\/\/latelierdubois.net\/wp-content\/uploads\/2025\/08\/Coffret-8X33-Steinie-2-300x190.png 300w, https:\/\/latelierdubois.net\/wp-content\/uploads\/2025\/08\/Coffret-8X33-Steinie-2-768x486.png 768w, https:\/\/latelierdubois.net\/wp-content\/uploads\/2025\/08\/Coffret-8X33-Steinie-2-1536x973.png 1536w, https:\/\/latelierdubois.net\/wp-content\/uploads\/2025\/08\/Coffret-8X33-Steinie-2-2048x1297.png 2048w, https:\/\/latelierdubois.net\/wp-content\/uploads\/2025\/08\/Coffret-8X33-Steinie-2-1140x722.png 1140w\" sizes=\"auto, (max-width: 1024px) 100vw, 1024px\" \/><button\n\t\t\tclass=\"lightbox-trigger\"\n\t\t\ttype=\"button\"\n\t\t\taria-haspopup=\"dialog\"\n\t\t\taria-label=\"Enlarge\"\n\t\t\tdata-wp-init=\"callbacks.initTriggerButton\"\n\t\t\tdata-wp-on--click=\"actions.showLightbox\"\n\t\t\tdata-wp-style--right=\"state.imageButtonRight\"\n\t\t\tdata-wp-style--top=\"state.imageButtonTop\"\n\t\t>\n\t\t\t<svg xmlns=\"http:\/\/www.w3.org\/2000\/svg\" width=\"12\" height=\"12\" fill=\"none\" viewBox=\"0 0 12 12\">\n\t\t\t\t<path fill=\"#fff\" d=\"M2 0a2 2 0 0 0-2 2v2h1.5V2a.5.5 0 0 1 .5-.5h2V0H2Zm2 10.5H2a.5.5 0 0 1-.5-.5V8H0v2a2 2 0 0 0 2 2h2v-1.5ZM8 12v-1.5h2a.5.5 0 0 0 .5-.5V8H12v2a2 2 0 0 1-2 2H8Zm2-12a2 2 0 0 1 2 2v2h-1.5V2a.5.5 0 0 0-.5-.5H8V0h2Z\" \/>\n\t\t\t<\/svg>\n\t\t<\/button><\/figure>\n\n\n\n<figure class=\"wp-block-image size-large\"><a href=\"https:\/\/latelierdubois.net\/wp-content\/uploads\/2025\/08\/Tendance-5x33-cl-scaled.png\"><img loading=\"lazy\" decoding=\"async\" width=\"1024\" height=\"808\" data-id=\"618\" src=\"https:\/\/latelierdubois.net\/wp-content\/uploads\/2025\/08\/Tendance-5x33-cl-1024x808.png\" alt=\"\" class=\"wp-image-618\" srcset=\"https:\/\/latelierdubois.net\/wp-content\/uploads\/2025\/08\/Tendance-5x33-cl-1024x808.png 1024w, https:\/\/latelierdubois.net\/wp-content\/uploads\/2025\/08\/Tendance-5x33-cl-300x237.png 300w, https:\/\/latelierdubois.net\/wp-content\/uploads\/2025\/08\/Tendance-5x33-cl-768x606.png 768w, https:\/\/latelierdubois.net\/wp-content\/uploads\/2025\/08\/Tendance-5x33-cl-1536x1212.png 1536w, https:\/\/latelierdubois.net\/wp-content\/uploads\/2025\/08\/Tendance-5x33-cl-2048x1616.png 2048w, https:\/\/latelierdubois.net\/wp-content\/uploads\/2025\/08\/Tendance-5x33-cl-1140x899.png 1140w\" sizes=\"auto, (max-width: 1024px) 100vw, 1024px\" \/><\/a><\/figure>\n<\/figure>\n\n\n\n<div class=\"wp-block-group is-vertical is-content-justification-stretch is-layout-flex wp-container-core-group-is-layout-353c4f5a wp-block-group-is-layout-flex\">\n<figure class=\"wp-block-image size-large is-resized\"><img loading=\"lazy\" decoding=\"async\" width=\"1022\" height=\"1024\" src=\"https:\/\/latelierdubois.net\/wp-content\/uploads\/2025\/08\/Coffrets-Bouclier-8-1022x1024.png\" alt=\"\" class=\"wp-image-662\" style=\"width:128px;height:auto\" srcset=\"https:\/\/latelierdubois.net\/wp-content\/uploads\/2025\/08\/Coffrets-Bouclier-8-1022x1024.png 1022w, https:\/\/latelierdubois.net\/wp-content\/uploads\/2025\/08\/Coffrets-Bouclier-8-300x300.png 300w, https:\/\/latelierdubois.net\/wp-content\/uploads\/2025\/08\/Coffrets-Bouclier-8-150x150.png 150w, https:\/\/latelierdubois.net\/wp-content\/uploads\/2025\/08\/Coffrets-Bouclier-8-768x770.png 768w, https:\/\/latelierdubois.net\/wp-content\/uploads\/2025\/08\/Coffrets-Bouclier-8-1533x1536.png 1533w, https:\/\/latelierdubois.net\/wp-content\/uploads\/2025\/08\/Coffrets-Bouclier-8-2044x2048.png 2044w, https:\/\/latelierdubois.net\/wp-content\/uploads\/2025\/08\/Coffrets-Bouclier-8-1140x1142.png 1140w, https:\/\/latelierdubois.net\/wp-content\/uploads\/2025\/08\/Coffrets-Bouclier-8-75x75.png 75w\" sizes=\"auto, (max-width: 1022px) 100vw, 1022px\" \/><\/figure>\n<\/div>\n<\/div>\n<\/div>\n<\/div><\/div>\n\n\n\n<div class=\"wp-block-group is-layout-grid wp-container-core-group-is-layout-478b6e6b wp-block-group-is-layout-grid\">\n<div class=\"wp-block-group wp-container-content-69bc4bdf\"><div class=\"wp-block-group__inner-container is-layout-constrained wp-block-group-is-layout-constrained\"><div class=\"wp-block-image\">\n<figure class=\"alignleft size-large is-resized wp-container-content-69bc4bdf\"><img loading=\"lazy\" decoding=\"async\" width=\"1024\" height=\"942\" src=\"http:\/\/latelierdubois.net\/wp-content\/uploads\/2025\/08\/Caisse-a-outil-3x125g-2-2-1024x942.png\" alt=\"\" class=\"wp-image-671\" style=\"width:141px;height:auto\" srcset=\"https:\/\/latelierdubois.net\/wp-content\/uploads\/2025\/08\/Caisse-a-outil-3x125g-2-2-1024x942.png 1024w, https:\/\/latelierdubois.net\/wp-content\/uploads\/2025\/08\/Caisse-a-outil-3x125g-2-2-300x276.png 300w, https:\/\/latelierdubois.net\/wp-content\/uploads\/2025\/08\/Caisse-a-outil-3x125g-2-2-768x707.png 768w, https:\/\/latelierdubois.net\/wp-content\/uploads\/2025\/08\/Caisse-a-outil-3x125g-2-2-1536x1413.png 1536w, https:\/\/latelierdubois.net\/wp-content\/uploads\/2025\/08\/Caisse-a-outil-3x125g-2-2-2048x1884.png 2048w, https:\/\/latelierdubois.net\/wp-content\/uploads\/2025\/08\/Caisse-a-outil-3x125g-2-2-1140x1049.png 1140w\" sizes=\"auto, (max-width: 1024px) 100vw, 1024px\" \/><\/figure>\n<\/div><\/div><\/div>\n\n\n\n<figure class=\"wp-block-image size-large\"><img loading=\"lazy\" decoding=\"async\" width=\"1024\" height=\"620\" src=\"http:\/\/latelierdubois.net\/wp-content\/uploads\/2025\/08\/Coffret-confiture-1024x620.png\" alt=\"\" class=\"wp-image-609\" srcset=\"https:\/\/latelierdubois.net\/wp-content\/uploads\/2025\/08\/Coffret-confiture-1024x620.png 1024w, https:\/\/latelierdubois.net\/wp-content\/uploads\/2025\/08\/Coffret-confiture-300x182.png 300w, https:\/\/latelierdubois.net\/wp-content\/uploads\/2025\/08\/Coffret-confiture-768x465.png 768w, https:\/\/latelierdubois.net\/wp-content\/uploads\/2025\/08\/Coffret-confiture-1536x930.png 1536w, https:\/\/latelierdubois.net\/wp-content\/uploads\/2025\/08\/Coffret-confiture-2048x1240.png 2048w, https:\/\/latelierdubois.net\/wp-content\/uploads\/2025\/08\/Coffret-confiture-1140x690.png 1140w\" sizes=\"auto, (max-width: 1024px) 100vw, 1024px\" \/><\/figure>\n\n\n\n<figure class=\"wp-block-image size-large\"><img loading=\"lazy\" decoding=\"async\" width=\"1024\" height=\"569\" src=\"http:\/\/latelierdubois.net\/wp-content\/uploads\/2025\/08\/Coffret-3x250g-1024x569.png\" alt=\"\" class=\"wp-image-608\" srcset=\"https:\/\/latelierdubois.net\/wp-content\/uploads\/2025\/08\/Coffret-3x250g-1024x569.png 1024w, https:\/\/latelierdubois.net\/wp-content\/uploads\/2025\/08\/Coffret-3x250g-300x167.png 300w, https:\/\/latelierdubois.net\/wp-content\/uploads\/2025\/08\/Coffret-3x250g-768x427.png 768w, https:\/\/latelierdubois.net\/wp-content\/uploads\/2025\/08\/Coffret-3x250g-1536x853.png 1536w, https:\/\/latelierdubois.net\/wp-content\/uploads\/2025\/08\/Coffret-3x250g-2048x1138.png 2048w, https:\/\/latelierdubois.net\/wp-content\/uploads\/2025\/08\/Coffret-3x250g-1140x633.png 1140w\" sizes=\"auto, (max-width: 1024px) 100vw, 1024px\" \/><\/figure>\n<\/div>\n\n\n\n<div class=\"wp-block-group\"><div class=\"wp-block-group__inner-container is-layout-constrained wp-block-group-is-layout-constrained\">\n<div class=\"wp-block-group is-layout-grid wp-container-core-group-is-layout-478b6e6b wp-block-group-is-layout-grid\">\n<div class=\"wp-block-group wp-container-content-69bc4bdf is-nowrap is-layout-flex wp-container-core-group-is-layout-6c531013 wp-block-group-is-layout-flex\">\n<figure class=\"wp-block-image size-large is-resized\"><img loading=\"lazy\" decoding=\"async\" width=\"1024\" height=\"318\" src=\"https:\/\/latelierdubois.net\/wp-content\/uploads\/2025\/08\/Plateau-2-1-1-1024x318.png\" alt=\"\" class=\"wp-image-665\" style=\"width:193px;height:auto\" srcset=\"https:\/\/latelierdubois.net\/wp-content\/uploads\/2025\/08\/Plateau-2-1-1-1024x318.png 1024w, https:\/\/latelierdubois.net\/wp-content\/uploads\/2025\/08\/Plateau-2-1-1-300x93.png 300w, https:\/\/latelierdubois.net\/wp-content\/uploads\/2025\/08\/Plateau-2-1-1-768x238.png 768w, https:\/\/latelierdubois.net\/wp-content\/uploads\/2025\/08\/Plateau-2-1-1-1536x477.png 1536w, https:\/\/latelierdubois.net\/wp-content\/uploads\/2025\/08\/Plateau-2-1-1-2048x636.png 2048w, https:\/\/latelierdubois.net\/wp-content\/uploads\/2025\/08\/Plateau-2-1-1-1140x354.png 1140w\" sizes=\"auto, (max-width: 1024px) 100vw, 1024px\" \/><figcaption class=\"wp-element-caption\"><font _mstmutation=\"1\"><\/font><\/figcaption><\/figure>\n<\/div>\n\n\n\n<figure class=\"wp-block-image size-full wp-container-content-69bc4bdf\"><img decoding=\"async\" src=\"http:\/\/latelierdubois.net\/wp-content\/uploads\/2025\/08\/Plateau-3-1-3.png\" alt=\"\" class=\"wp-image-668\"\/><figcaption class=\"wp-element-caption\"><font _mstmutation=\"1\"><\/font><\/figcaption><\/figure>\n<\/div>\n<\/div><\/div>\n\n\n\n<details class=\"wp-block-details is-layout-flow wp-block-details-is-layout-flow\"><summary><\/summary>\n<figure class=\"wp-block-image size-large\"><img loading=\"lazy\" decoding=\"async\" width=\"1024\" height=\"768\" src=\"http:\/\/latelierdubois.net\/wp-content\/uploads\/2023\/12\/IMG-20231210-WA0003-1024x768.jpg\" alt=\"\" class=\"wp-image-416\" style=\"aspect-ratio:1.3333333333333333\" srcset=\"https:\/\/latelierdubois.net\/wp-content\/uploads\/2023\/12\/IMG-20231210-WA0003-1024x768.jpg 1024w, https:\/\/latelierdubois.net\/wp-content\/uploads\/2023\/12\/IMG-20231210-WA0003-300x225.jpg 300w, https:\/\/latelierdubois.net\/wp-content\/uploads\/2023\/12\/IMG-20231210-WA0003-768x576.jpg 768w, https:\/\/latelierdubois.net\/wp-content\/uploads\/2023\/12\/IMG-20231210-WA0003-1536x1152.jpg 1536w, https:\/\/latelierdubois.net\/wp-content\/uploads\/2023\/12\/IMG-20231210-WA0003-1140x855.jpg 1140w, https:\/\/latelierdubois.net\/wp-content\/uploads\/2023\/12\/IMG-20231210-WA0003.jpg 1600w\" sizes=\"auto, (max-width: 1024px) 100vw, 1024px\" \/><\/figure>\n<\/details>\n\n\n\n<figure class=\"wp-block-image size-large\"><img loading=\"lazy\" decoding=\"async\" width=\"1024\" height=\"497\" src=\"http:\/\/latelierdubois.net\/wp-content\/uploads\/2023\/12\/IMG-20231210-WA0007-e1702374183374-1024x497.jpg\" alt=\"\" class=\"wp-image-411\" style=\"aspect-ratio:2.0603621730382295\" srcset=\"https:\/\/latelierdubois.net\/wp-content\/uploads\/2023\/12\/IMG-20231210-WA0007-e1702374183374-1024x497.jpg 1024w, https:\/\/latelierdubois.net\/wp-content\/uploads\/2023\/12\/IMG-20231210-WA0007-e1702374183374-300x146.jpg 300w, https:\/\/latelierdubois.net\/wp-content\/uploads\/2023\/12\/IMG-20231210-WA0007-e1702374183374-768x373.jpg 768w, https:\/\/latelierdubois.net\/wp-content\/uploads\/2023\/12\/IMG-20231210-WA0007-e1702374183374-1536x746.jpg 1536w, https:\/\/latelierdubois.net\/wp-content\/uploads\/2023\/12\/IMG-20231210-WA0007-e1702374183374-1140x554.jpg 1140w, https:\/\/latelierdubois.net\/wp-content\/uploads\/2023\/12\/IMG-20231210-WA0007-e1702374183374.jpg 1592w\" sizes=\"auto, (max-width: 1024px) 100vw, 1024px\" \/><\/figure>\n\n\n\n<div class=\"wp-block-group\"><div class=\"wp-block-group__inner-container is-layout-constrained wp-block-group-is-layout-constrained\">\n<div class=\"wp-block-group\"><div class=\"wp-block-group__inner-container is-layout-constrained wp-block-group-is-layout-constrained\">\n<div class=\"wp-block-group is-content-justification-space-between is-nowrap is-layout-flex wp-container-core-group-is-layout-e84fdc4b wp-block-group-is-layout-flex\">\n<figure class=\"wp-block-image size-large is-resized\"><img loading=\"lazy\" decoding=\"async\" width=\"875\" height=\"1024\" src=\"http:\/\/latelierdubois.net\/wp-content\/uploads\/2024\/12\/Coffret-Brume-3x75-cl-875x1024.png\" alt=\"\" class=\"wp-image-533\" style=\"width:164px;height:auto\" srcset=\"https:\/\/latelierdubois.net\/wp-content\/uploads\/2024\/12\/Coffret-Brume-3x75-cl-875x1024.png 875w, https:\/\/latelierdubois.net\/wp-content\/uploads\/2024\/12\/Coffret-Brume-3x75-cl-256x300.png 256w, https:\/\/latelierdubois.net\/wp-content\/uploads\/2024\/12\/Coffret-Brume-3x75-cl-768x899.png 768w, https:\/\/latelierdubois.net\/wp-content\/uploads\/2024\/12\/Coffret-Brume-3x75-cl-1312x1536.png 1312w, https:\/\/latelierdubois.net\/wp-content\/uploads\/2024\/12\/Coffret-Brume-3x75-cl-1750x2048.png 1750w, https:\/\/latelierdubois.net\/wp-content\/uploads\/2024\/12\/Coffret-Brume-3x75-cl-1140x1334.png 1140w\" sizes=\"auto, (max-width: 875px) 100vw, 875px\" \/><figcaption class=\"wp-element-caption\">    <strong _msttexthash=\"200174\" _msthash=\"2061\"><font _mstmutation=\"1\" _msttexthash=\"200174\" _msthash=\"2132\">Coffret 3&#215;75 cl <\/font><\/strong><font _mstmutation=\"1\"><\/font><\/figcaption><\/figure>\n\n\n\n<div class=\"wp-block-group is-nowrap is-layout-flex wp-container-core-group-is-layout-6c531013 wp-block-group-is-layout-flex\">\n<figure class=\"wp-block-image size-full is-resized\"><img loading=\"lazy\" decoding=\"async\" width=\"1100\" height=\"2560\" src=\"https:\/\/latelierdubois.net\/wp-content\/uploads\/2025\/08\/Meuble-PLV-1-scaled.png\" alt=\"\" class=\"wp-image-627\" style=\"width:186px;height:auto\" srcset=\"https:\/\/latelierdubois.net\/wp-content\/uploads\/2025\/08\/Meuble-PLV-1-scaled.png 1100w, https:\/\/latelierdubois.net\/wp-content\/uploads\/2025\/08\/Meuble-PLV-1-129x300.png 129w, https:\/\/latelierdubois.net\/wp-content\/uploads\/2025\/08\/Meuble-PLV-1-440x1024.png 440w, https:\/\/latelierdubois.net\/wp-content\/uploads\/2025\/08\/Meuble-PLV-1-768x1787.png 768w, https:\/\/latelierdubois.net\/wp-content\/uploads\/2025\/08\/Meuble-PLV-1-660x1536.png 660w, https:\/\/latelierdubois.net\/wp-content\/uploads\/2025\/08\/Meuble-PLV-1-880x2048.png 880w, https:\/\/latelierdubois.net\/wp-content\/uploads\/2025\/08\/Meuble-PLV-1-1140x2652.png 1140w\" sizes=\"auto, (max-width: 1100px) 100vw, 1100px\" \/><figcaption class=\"wp-element-caption\">    <font _mstmutation=\"1\" _msttexthash=\"320125\" _msthash=\"1727\"><strong>Meuble PLV 5 \u00e9tages<\/strong><\/font><font _mstmutation=\"1\"><\/font><\/figcaption><\/figure>\n<\/div>\n\n\n\n<figure class=\"wp-block-image size-large is-resized\"><img loading=\"lazy\" decoding=\"async\" width=\"1024\" height=\"681\" src=\"https:\/\/latelierdubois.net\/wp-content\/uploads\/2025\/08\/Coffret-Brume-de-lavant-1024x681.png\" alt=\"\" class=\"wp-image-693\" style=\"width:240px;height:auto\" srcset=\"https:\/\/latelierdubois.net\/wp-content\/uploads\/2025\/08\/Coffret-Brume-de-lavant-1024x681.png 1024w, https:\/\/latelierdubois.net\/wp-content\/uploads\/2025\/08\/Coffret-Brume-de-lavant-300x199.png 300w, https:\/\/latelierdubois.net\/wp-content\/uploads\/2025\/08\/Coffret-Brume-de-lavant-768x510.png 768w, https:\/\/latelierdubois.net\/wp-content\/uploads\/2025\/08\/Coffret-Brume-de-lavant-1536x1021.png 1536w, https:\/\/latelierdubois.net\/wp-content\/uploads\/2025\/08\/Coffret-Brume-de-lavant-2048x1361.png 2048w, https:\/\/latelierdubois.net\/wp-content\/uploads\/2025\/08\/Coffret-Brume-de-lavant-1140x758.png 1140w\" sizes=\"auto, (max-width: 1024px) 100vw, 1024px\" \/><figcaption class=\"wp-element-caption\">           <font _mstmutation=\"1\" _msttexthash=\"2104635\" _msthash=\"1551\"><strong>Coffret de l\u2019Avent<\/strong><\/font><font _mstmutation=\"1\"><\/font><\/figcaption><\/figure>\n<\/div>\n<\/div><\/div>\n<\/div><\/div>\n\n\n\n<div style=\"height:40px\" aria-hidden=\"true\" class=\"wp-block-spacer\"><\/div>\n\n\n<div class=\"wp-block-image\">\n<figure class=\"aligncenter size-large is-resized\"><img loading=\"lazy\" decoding=\"async\" width=\"1024\" height=\"683\" src=\"https:\/\/latelierdubois.net\/wp-content\/uploads\/2023\/09\/drapeau-France.svg_-1024x683.png\" alt=\"\" class=\"wp-image-303\" style=\"aspect-ratio:1.5;width:188px;height:auto\" srcset=\"https:\/\/latelierdubois.net\/wp-content\/uploads\/2023\/09\/drapeau-France.svg_-1024x683.png 1024w, https:\/\/latelierdubois.net\/wp-content\/uploads\/2023\/09\/drapeau-France.svg_-300x200.png 300w, https:\/\/latelierdubois.net\/wp-content\/uploads\/2023\/09\/drapeau-France.svg_-768x512.png 768w, https:\/\/latelierdubois.net\/wp-content\/uploads\/2023\/09\/drapeau-France.svg_-1536x1024.png 1536w, https:\/\/latelierdubois.net\/wp-content\/uploads\/2023\/09\/drapeau-France.svg_-1140x760.png 1140w, https:\/\/latelierdubois.net\/wp-content\/uploads\/2023\/09\/drapeau-France.svg_.png 1920w\" sizes=\"auto, (max-width: 1024px) 100vw, 1024px\" \/><figcaption class=\"wp-element-caption\"><strong><em>Fabrication fran\u00e7aise<\/em><\/strong> <\/figcaption><\/figure>\n<\/div>","protected":false},"excerpt":{"rendered":"<p>Bienvenue \u00e0 L\u2019Atelier du Bois L\u2019Atelier du Bois &#8211; Des coffrets en Bois de pins des Landes Fabriqu\u00e9s en France et avec Passion. L\u2019Atelier du Bois est une entreprise passionn\u00e9e par l\u2019art de travailler le bois et sp\u00e9cialis\u00e9e dans la fabrication et la commercialisation de coffrets en bois de pins des Landes. Tous nos bois ont la certification PEFC&nbsp;! Toutes nos fabrications sont fran\u00e7aises&nbsp;! Coffrets pour miel et confitures : des pr\u00e9sentations \u00e9l\u00e9gantes qui mettent en valeur vos douceurs artisanales. Coffrets pour la bi\u00e8re : une gamme de plus de 26 mod\u00e8les sp\u00e9cialement con\u00e7us pour mettre en avant vos bouteilles, alliant robustesse, authenticit\u00e9 et esth\u00e9tisme. Plateaux pour fromages et charcuteries : parfaits pour sublimer vos d\u00e9gustations et vos moments de convivialit\u00e9. Que vous recherchiez un coffret classique et \u00e9pur\u00e9 ou un design plus \u00e9labor\u00e9, nous avons le coffret parfait pour r\u00e9pondre \u00e0 vos besoins. Nous comprenons que chaque client est unique. C&#8217;est pourquoi nous proposons \u00e9galement des services de personnalisation, vous permettant de cr\u00e9er des coffrets en bois sur mesure qui r\u00e9pondent parfaitement \u00e0 vos besoins et \u00e0 vos pr\u00e9f\u00e9rences.Que ce soit pour un marquage \u00e0 chaud, une gravure laser personnalis\u00e9e, une impression couleur, une finition sp\u00e9ciale ou un design exclusif, nous sommes l\u00e0 pour concr\u00e9tiser votre vision. Explorez notre collection de coffrets en bois et d\u00e9couvrez l\u2019\u00e9l\u00e9gance intemporelle de nos produits. Pour toute demande sp\u00e9cifique, question ou projet de personnalisation, n&#8217;h\u00e9sitez pas \u00e0 nous contacter. Notre \u00e9quipe se fera un plaisir de vous conseiller et de vous offrir des coffrets \u00e0 la hauteur de vos exigences. Galerie Photos<\/p>\n","protected":false},"author":1,"featured_media":0,"parent":0,"menu_order":0,"comment_status":"closed","ping_status":"closed","template":"","meta":{"_monsterinsights_skip_tracking":false,"_monsterinsights_sitenote_active":false,"_monsterinsights_sitenote_note":"","_monsterinsights_sitenote_category":0,"_uf_show_specific_survey":0,"_uf_disable_surveys":false,"footnotes":"[]"},"class_list":["post-20","page","type-page","status-publish","hentry"],"yoast_head":"<!-- This site is optimized with the Yoast SEO plugin v27.4 - https:\/\/yoast.com\/product\/yoast-seo-wordpress\/ -->\n<title>ACCUEIL - L&#039;ATELIER DU BOIS<\/title>\n<meta name=\"description\" content=\"Bienvenue \u00e0 l&#039;Atelier du Bois. Vous d\u00e9couvrirez nos merveilleux coffrets bois ainsi que d&#039;autres r\u00e9f\u00e9rences.\" \/>\n<meta name=\"robots\" content=\"index, follow, max-snippet:-1, max-image-preview:large, max-video-preview:-1\" \/>\n<link rel=\"canonical\" href=\"https:\/\/latelierdubois.net\/\" \/>\n<meta property=\"og:locale\" content=\"en_US\" \/>\n<meta property=\"og:type\" content=\"article\" \/>\n<meta property=\"og:title\" content=\"ACCUEIL - L&#039;ATELIER DU BOIS\" \/>\n<meta property=\"og:description\" content=\"Bienvenue \u00e0 l&#039;Atelier du Bois. Vous d\u00e9couvrirez nos merveilleux coffrets bois ainsi que d&#039;autres r\u00e9f\u00e9rences.\" \/>\n<meta property=\"og:url\" content=\"https:\/\/latelierdubois.net\/\" \/>\n<meta property=\"og:site_name\" content=\"L&#039;ATELIER DU BOIS\" \/>\n<meta property=\"article:modified_time\" content=\"2025-10-30T19:06:50+00:00\" \/>\n<meta property=\"og:image\" content=\"https:\/\/latelierdubois.net\/wp-content\/uploads\/2025\/08\/Coffret-8X33-Steinie-2-scaled.png\" \/>\n\t<meta property=\"og:image:width\" content=\"2560\" \/>\n\t<meta property=\"og:image:height\" content=\"1622\" \/>\n\t<meta property=\"og:image:type\" content=\"image\/png\" \/>\n<meta name=\"twitter:card\" content=\"summary_large_image\" \/>\n<meta name=\"twitter:label1\" content=\"Est. reading time\" \/>\n\t<meta name=\"twitter:data1\" content=\"4 minutes\" \/>\n<script type=\"application\/ld+json\" class=\"yoast-schema-graph\">{\"@context\":\"https:\\\/\\\/schema.org\",\"@graph\":[{\"@type\":\"WebPage\",\"@id\":\"https:\\\/\\\/latelierdubois.net\\\/\",\"url\":\"https:\\\/\\\/latelierdubois.net\\\/\",\"name\":\"ACCUEIL - L&#039;ATELIER DU BOIS\",\"isPartOf\":{\"@id\":\"https:\\\/\\\/latelierdubois.net\\\/#website\"},\"primaryImageOfPage\":{\"@id\":\"https:\\\/\\\/latelierdubois.net\\\/#primaryimage\"},\"image\":{\"@id\":\"https:\\\/\\\/latelierdubois.net\\\/#primaryimage\"},\"thumbnailUrl\":\"https:\\\/\\\/latelierdubois.net\\\/wp-content\\\/uploads\\\/2025\\\/08\\\/Coffret-8X33-Steinie-2-1024x649.png\",\"datePublished\":\"2023-07-19T07:20:16+00:00\",\"dateModified\":\"2025-10-30T19:06:50+00:00\",\"description\":\"Bienvenue \u00e0 l'Atelier du Bois. Vous d\u00e9couvrirez nos merveilleux coffrets bois ainsi que d'autres r\u00e9f\u00e9rences.\",\"breadcrumb\":{\"@id\":\"https:\\\/\\\/latelierdubois.net\\\/#breadcrumb\"},\"inLanguage\":\"en-US\",\"potentialAction\":[{\"@type\":\"ReadAction\",\"target\":[\"https:\\\/\\\/latelierdubois.net\\\/\"]}]},{\"@type\":\"ImageObject\",\"inLanguage\":\"en-US\",\"@id\":\"https:\\\/\\\/latelierdubois.net\\\/#primaryimage\",\"url\":\"https:\\\/\\\/latelierdubois.net\\\/wp-content\\\/uploads\\\/2025\\\/08\\\/Coffret-8X33-Steinie-2-scaled.png\",\"contentUrl\":\"https:\\\/\\\/latelierdubois.net\\\/wp-content\\\/uploads\\\/2025\\\/08\\\/Coffret-8X33-Steinie-2-scaled.png\",\"width\":2560,\"height\":1622},{\"@type\":\"BreadcrumbList\",\"@id\":\"https:\\\/\\\/latelierdubois.net\\\/#breadcrumb\",\"itemListElement\":[{\"@type\":\"ListItem\",\"position\":1,\"name\":\"Accueil\",\"item\":\"https:\\\/\\\/latelierdubois.net\\\/\"},{\"@type\":\"ListItem\",\"position\":2,\"name\":\"ACCUEIL\"}]},{\"@type\":\"WebSite\",\"@id\":\"https:\\\/\\\/latelierdubois.net\\\/#website\",\"url\":\"https:\\\/\\\/latelierdubois.net\\\/\",\"name\":\"L'ATELIER DU BOIS\",\"description\":\"\",\"publisher\":{\"@id\":\"https:\\\/\\\/latelierdubois.net\\\/#organization\"},\"potentialAction\":[{\"@type\":\"SearchAction\",\"target\":{\"@type\":\"EntryPoint\",\"urlTemplate\":\"https:\\\/\\\/latelierdubois.net\\\/?s={search_term_string}\"},\"query-input\":{\"@type\":\"PropertyValueSpecification\",\"valueRequired\":true,\"valueName\":\"search_term_string\"}}],\"inLanguage\":\"en-US\"},{\"@type\":\"Organization\",\"@id\":\"https:\\\/\\\/latelierdubois.net\\\/#organization\",\"name\":\"L'ATELIER DU BOIS\",\"url\":\"https:\\\/\\\/latelierdubois.net\\\/\",\"logo\":{\"@type\":\"ImageObject\",\"inLanguage\":\"en-US\",\"@id\":\"https:\\\/\\\/latelierdubois.net\\\/#\\\/schema\\\/logo\\\/image\\\/\",\"url\":\"https:\\\/\\\/latelierdubois.net\\\/wp-content\\\/uploads\\\/2023\\\/11\\\/cropped-latelier-du-bois217.png\",\"contentUrl\":\"https:\\\/\\\/latelierdubois.net\\\/wp-content\\\/uploads\\\/2023\\\/11\\\/cropped-latelier-du-bois217.png\",\"width\":2216,\"height\":2324,\"caption\":\"L'ATELIER DU BOIS\"},\"image\":{\"@id\":\"https:\\\/\\\/latelierdubois.net\\\/#\\\/schema\\\/logo\\\/image\\\/\"}}]}<\/script>\n<!-- \/ Yoast SEO plugin. -->","yoast_head_json":{"title":"ACCUEIL - L&#039;ATELIER DU BOIS","description":"Bienvenue \u00e0 l'Atelier du Bois. Vous d\u00e9couvrirez nos merveilleux coffrets bois ainsi que d'autres r\u00e9f\u00e9rences.","robots":{"index":"index","follow":"follow","max-snippet":"max-snippet:-1","max-image-preview":"max-image-preview:large","max-video-preview":"max-video-preview:-1"},"canonical":"https:\/\/latelierdubois.net\/","og_locale":"en_US","og_type":"article","og_title":"ACCUEIL - L&#039;ATELIER DU BOIS","og_description":"Bienvenue \u00e0 l'Atelier du Bois. Vous d\u00e9couvrirez nos merveilleux coffrets bois ainsi que d'autres r\u00e9f\u00e9rences.","og_url":"https:\/\/latelierdubois.net\/","og_site_name":"L&#039;ATELIER DU BOIS","article_modified_time":"2025-10-30T19:06:50+00:00","og_image":[{"width":2560,"height":1622,"url":"https:\/\/latelierdubois.net\/wp-content\/uploads\/2025\/08\/Coffret-8X33-Steinie-2-scaled.png","type":"image\/png"}],"twitter_card":"summary_large_image","twitter_misc":{"Est. reading time":"4 minutes"},"schema":{"@context":"https:\/\/schema.org","@graph":[{"@type":"WebPage","@id":"https:\/\/latelierdubois.net\/","url":"https:\/\/latelierdubois.net\/","name":"ACCUEIL - L&#039;ATELIER DU BOIS","isPartOf":{"@id":"https:\/\/latelierdubois.net\/#website"},"primaryImageOfPage":{"@id":"https:\/\/latelierdubois.net\/#primaryimage"},"image":{"@id":"https:\/\/latelierdubois.net\/#primaryimage"},"thumbnailUrl":"https:\/\/latelierdubois.net\/wp-content\/uploads\/2025\/08\/Coffret-8X33-Steinie-2-1024x649.png","datePublished":"2023-07-19T07:20:16+00:00","dateModified":"2025-10-30T19:06:50+00:00","description":"Bienvenue \u00e0 l'Atelier du Bois. Vous d\u00e9couvrirez nos merveilleux coffrets bois ainsi que d'autres r\u00e9f\u00e9rences.","breadcrumb":{"@id":"https:\/\/latelierdubois.net\/#breadcrumb"},"inLanguage":"en-US","potentialAction":[{"@type":"ReadAction","target":["https:\/\/latelierdubois.net\/"]}]},{"@type":"ImageObject","inLanguage":"en-US","@id":"https:\/\/latelierdubois.net\/#primaryimage","url":"https:\/\/latelierdubois.net\/wp-content\/uploads\/2025\/08\/Coffret-8X33-Steinie-2-scaled.png","contentUrl":"https:\/\/latelierdubois.net\/wp-content\/uploads\/2025\/08\/Coffret-8X33-Steinie-2-scaled.png","width":2560,"height":1622},{"@type":"BreadcrumbList","@id":"https:\/\/latelierdubois.net\/#breadcrumb","itemListElement":[{"@type":"ListItem","position":1,"name":"Accueil","item":"https:\/\/latelierdubois.net\/"},{"@type":"ListItem","position":2,"name":"ACCUEIL"}]},{"@type":"WebSite","@id":"https:\/\/latelierdubois.net\/#website","url":"https:\/\/latelierdubois.net\/","name":"L'ATELIER DU BOIS","description":"","publisher":{"@id":"https:\/\/latelierdubois.net\/#organization"},"potentialAction":[{"@type":"SearchAction","target":{"@type":"EntryPoint","urlTemplate":"https:\/\/latelierdubois.net\/?s={search_term_string}"},"query-input":{"@type":"PropertyValueSpecification","valueRequired":true,"valueName":"search_term_string"}}],"inLanguage":"en-US"},{"@type":"Organization","@id":"https:\/\/latelierdubois.net\/#organization","name":"L'ATELIER DU BOIS","url":"https:\/\/latelierdubois.net\/","logo":{"@type":"ImageObject","inLanguage":"en-US","@id":"https:\/\/latelierdubois.net\/#\/schema\/logo\/image\/","url":"https:\/\/latelierdubois.net\/wp-content\/uploads\/2023\/11\/cropped-latelier-du-bois217.png","contentUrl":"https:\/\/latelierdubois.net\/wp-content\/uploads\/2023\/11\/cropped-latelier-du-bois217.png","width":2216,"height":2324,"caption":"L'ATELIER DU BOIS"},"image":{"@id":"https:\/\/latelierdubois.net\/#\/schema\/logo\/image\/"}}]}},"_links":{"self":[{"href":"https:\/\/latelierdubois.net\/index.php\/wp-json\/wp\/v2\/pages\/20","targetHints":{"allow":["GET"]}}],"collection":[{"href":"https:\/\/latelierdubois.net\/index.php\/wp-json\/wp\/v2\/pages"}],"about":[{"href":"https:\/\/latelierdubois.net\/index.php\/wp-json\/wp\/v2\/types\/page"}],"author":[{"embeddable":true,"href":"https:\/\/latelierdubois.net\/index.php\/wp-json\/wp\/v2\/users\/1"}],"replies":[{"embeddable":true,"href":"https:\/\/latelierdubois.net\/index.php\/wp-json\/wp\/v2\/comments?post=20"}],"version-history":[{"count":60,"href":"https:\/\/latelierdubois.net\/index.php\/wp-json\/wp\/v2\/pages\/20\/revisions"}],"predecessor-version":[{"id":701,"href":"https:\/\/latelierdubois.net\/index.php\/wp-json\/wp\/v2\/pages\/20\/revisions\/701"}],"wp:attachment":[{"href":"https:\/\/latelierdubois.net\/index.php\/wp-json\/wp\/v2\/media?parent=20"}],"curies":[{"name":"wp","href":"https:\/\/api.w.org\/{rel}","templated":true}]}}